{"id":2407,"date":"2026-03-17T14:42:21","date_gmt":"2026-03-17T14:42:21","guid":{"rendered":"https:\/\/www.rivgroup.it\/ueber-uns\/"},"modified":"2026-08-10T16:36:32","modified_gmt":"2026-08-10T16:36:32","slug":"ueber-uns","status":"publish","type":"page","link":"https:\/\/www.rivgroup.it\/de\/ueber-uns\/","title":{"rendered":"\u00dcber uns"},"content":{"rendered":"<p>[et_pb_section fb_built=&#8220;1&#8243; module_class=&#8220;kr-dynamic-bg&#8220; _builder_version=&#8220;4.27.6&#8243; _module_preset=&#8220;default&#8220; background_image=&#8220;https:\/\/www.rivgroup.it\/wp-content\/uploads\/2026\/05\/RIV_RFH_studio_13-scaled.jpg&#8220; min_height=&#8220;100vh&#8220; custom_padding=&#8220;0px||0px||true|false&#8220; locked=&#8220;off&#8220; global_colors_info=&#8220;{}&#8220; background__hover_enabled=&#8220;off|desktop&#8220;][et_pb_row _builder_version=&#8220;4.27.6&#8243; _module_preset=&#8220;default&#8220; width=&#8220;100%&#8220; max_width=&#8220;100%&#8220; custom_padding=&#8220;0px||0px||false|false&#8220; global_colors_info=&#8220;{}&#8220;][et_pb_column type=&#8220;4_4&#8243; _builder_version=&#8220;4.27.6&#8243; _module_preset=&#8220;default&#8220; global_colors_info=&#8220;{}&#8220;][\/et_pb_column][\/et_pb_row][\/et_pb_section][et_pb_section fb_built=&#8220;1&#8243; custom_padding_last_edited=&#8220;on|tablet&#8220; _builder_version=&#8220;4.27.6&#8243; _module_preset=&#8220;default&#8220; custom_padding=&#8220;100px||100px||true|false&#8220; custom_padding_tablet=&#8220;50px||50px||true|false&#8220; custom_padding_phone=&#8220;50px||50px||true|false&#8220; locked=&#8220;off&#8220; global_colors_info=&#8220;{}&#8220;][et_pb_row _builder_version=&#8220;4.27.6&#8243; _module_preset=&#8220;default&#8220; global_colors_info=&#8220;{}&#8220;][et_pb_column type=&#8220;4_4&#8243; _builder_version=&#8220;4.27.6&#8243; _module_preset=&#8220;default&#8220; global_colors_info=&#8220;{}&#8220;][et_pb_text _builder_version=&#8220;4.27.6&#8243; _module_preset=&#8220;default&#8220; header_font_size=&#8220;55px&#8220; text_orientation=&#8220;center&#8220; max_width=&#8220;680px&#8220; module_alignment=&#8220;center&#8220; custom_margin=&#8220;||20px||false|false&#8220; global_colors_info=&#8220;{}&#8220;]<\/p>\n<h1>Real Estate Developer. Wir geben dem Wohnen Form. <\/h1>\n<p>[\/et_pb_text][et_pb_text _builder_version=&#8220;4.27.6&#8243; _module_preset=&#8220;default&#8220; text_orientation=&#8220;center&#8220; max_width=&#8220;700px&#8220; module_alignment=&#8220;center&#8220; global_colors_info=&#8220;{}&#8220;]<\/p>\n<p>Wir entwickeln die Vision des Wohnens weiter, indem wir Projekte von internationalem Format realisieren, die neue Lifestyle-Ma\u00dfst\u00e4be setzen und die Handschrift gro\u00dfer Architekturb\u00fcros mit einem l\u00fcckenlosen und tadellosen Management verbinden.<\/p>\n<p>[\/et_pb_text][\/et_pb_column][\/et_pb_row][\/et_pb_section][et_pb_section fb_built=&#8220;1&#8243; custom_padding_last_edited=&#8220;on|tablet&#8220; _builder_version=&#8220;4.27.6&#8243; _module_preset=&#8220;default&#8220; custom_padding=&#8220;0px||||false|false&#8220; custom_padding_tablet=&#8220;0px||0px||false|false&#8220; custom_padding_phone=&#8220;0px||0px||false|false&#8220; locked=&#8220;off&#8220; global_colors_info=&#8220;{}&#8220;][et_pb_row column_structure=&#8220;1_2,1_2&#8243; use_custom_gutter=&#8220;on&#8220; gutter_width=&#8220;1&#8243; make_equal=&#8220;on&#8220; module_class=&#8220;flexible-column-end&#8220; _builder_version=&#8220;4.27.6&#8243; _module_preset=&#8220;default&#8220; width=&#8220;100%&#8220; max_width=&#8220;100%&#8220; custom_padding=&#8220;0px||0px||false|false&#8220; hover_enabled=&#8220;0&#8243; global_colors_info=&#8220;{}&#8220; sticky_enabled=&#8220;0&#8243;][et_pb_column type=&#8220;1_2&#8243; _builder_version=&#8220;4.27.6&#8243; _module_preset=&#8220;default&#8220; background_image=&#8220;https:\/\/www.rivgroup.it\/wp-content\/uploads\/2026\/08\/RIV_RFH_studio_1-scaled.jpg&#8220; hover_enabled=&#8220;0&#8243; global_colors_info=&#8220;{}&#8220; title_text=&#8220;RIV_RFH_studio_1&#8243; sticky_enabled=&#8220;0&#8243;][et_pb_text _builder_version=&#8220;4.27.6&#8243; _module_preset=&#8220;default&#8220; min_height=&#8220;750px&#8220; min_height_tablet=&#8220;600px&#8220; min_height_phone=&#8220;400px&#8220; min_height_last_edited=&#8220;on|phone&#8220; hover_enabled=&#8220;0&#8243; global_colors_info=&#8220;{}&#8220; sticky_enabled=&#8220;0&#8243;][\/et_pb_text][\/et_pb_column][et_pb_column type=&#8220;1_2&#8243; module_class=&#8220;f&#8220; _builder_version=&#8220;4.27.6&#8243; _module_preset=&#8220;default&#8220; custom_padding=&#8220;5%|5%|5%|5%|true|true&#8220; custom_padding_tablet=&#8220;8%|5%|8%|5%|true|true&#8220; custom_padding_phone=&#8220;15%|7.5%|15%|7.5%|true|true&#8220; custom_padding_last_edited=&#8220;on|phone&#8220; global_colors_info=&#8220;{}&#8220;][et_pb_text _builder_version=&#8220;4.27.6&#8243; _module_preset=&#8220;default&#8220; custom_margin=&#8220;||40px||false|false&#8220; global_colors_info=&#8220;{}&#8220;]<\/p>\n<p>Hervorgegangen aus der fundierten Erfahrung von Peter Reichegger, einem preisgekr\u00f6nten Immobilienentwickler, der dem Unternehmen eine globale Ausrichtung verliehen hat, verwandelt RIV architektonische Komplexit\u00e4t in ikonische Werke und definiert die Standards des zeitgen\u00f6ssischen Wohnens neu.<\/p>\n<p>[\/et_pb_text][et_pb_text _builder_version=&#8220;4.27.6&#8243; _module_preset=&#8220;default&#8220; text_font_size=&#8220;20px&#8220; text_line_height=&#8220;1.5em&#8220; custom_margin=&#8220;||||false|false&#8220; global_colors_info=&#8220;{}&#8220;]<\/p>\n<p>RIV ist der f\u00fchrende Real Estate Developer in Jesolo, spezialisiert auf hochkar\u00e4tige Projekte in Zusammenarbeit mit international renommierten Architekten wie Richard Meier, Bernhard Karpf, Parsa Khalili und Jacopo Mascheroni.<\/p>\n<p>[\/et_pb_text][\/et_pb_column][\/et_pb_row][\/et_pb_section][et_pb_section fb_built=&#8220;1&#8243; custom_padding_last_edited=&#8220;on|desktop&#8220; module_class=&#8220;slider-section&#8220; _builder_version=&#8220;4.27.6&#8243; _module_preset=&#8220;default&#8220; custom_margin=&#8220;100px||||false|false&#8220; custom_margin_tablet=&#8220;0px||||false|false&#8220; custom_margin_phone=&#8220;0px||||false|false&#8220; custom_margin_last_edited=&#8220;on|phone&#8220; custom_padding=&#8220;0px||100px||false|false&#8220; custom_padding_tablet=&#8220;0px||50px||false|false&#8220; custom_padding_phone=&#8220;0px||50px||false|false&#8220; locked=&#8220;off&#8220; global_colors_info=&#8220;{}&#8220;][et_pb_row custom_padding_last_edited=&#8220;on|phone&#8220; _builder_version=&#8220;4.27.6&#8243; _module_preset=&#8220;default&#8220; width=&#8220;480px&#8220; custom_padding=&#8220;3%|3%|3%|3%|true|true&#8220; custom_padding_tablet=&#8220;5%|5%|5%|5%|true|true&#8220; custom_padding_phone=&#8220;10%|10%|10%|10%|true|true&#8220; border_width_all=&#8220;1px&#8220; border_color_all=&#8220;rgba(0,0,0,0.2)&#8220; locked=&#8220;off&#8220; global_colors_info=&#8220;{}&#8220;][et_pb_column type=&#8220;4_4&#8243; _builder_version=&#8220;4.27.6&#8243; _module_preset=&#8220;default&#8220; global_colors_info=&#8220;{}&#8220;][et_pb_text _builder_version=&#8220;4.27.6&#8243; _module_preset=&#8220;default&#8220; text_font=&#8220;||||||||&#8220; text_text_color=&#8220;rgba(0,0,0,0.35)&#8220; text_font_size=&#8220;14px&#8220; text_letter_spacing=&#8220;3px&#8220; header_3_font_size=&#8220;33px&#8220; header_3_letter_spacing=&#8220;0.1px&#8220; custom_margin=&#8220;||0px||false|false&#8220; header_3_font_size_tablet=&#8220;33px&#8220; header_3_font_size_phone=&#8220;28px&#8220; header_3_font_size_last_edited=&#8220;on|phone&#8220; global_colors_info=&#8220;{}&#8220;]<\/p>\n<p>1987<\/p>\n<h3>Die Urspr\u00fcnge<\/h3>\n<p>[\/et_pb_text][et_pb_text _builder_version=&#8220;4.27.6&#8243; _module_preset=&#8220;default&#8220; text_font_size=&#8220;16px&#8220; text_line_height=&#8220;1.5em&#8220; global_colors_info=&#8220;{}&#8220;]<\/p>\n<p>Die T\u00e4tigkeit begann in S\u00fcdtirol, zwischen Bozen, Brixen und Bruneck. In diesen Jahren formte sich die Methode: Bauqualit\u00e4t, Aufmerksamkeit f\u00fcr den Kontext, direkter Bezug zum Territorium. <\/p>\n<p>[\/et_pb_text][\/et_pb_column][\/et_pb_row][et_pb_row custom_padding_last_edited=&#8220;on|phone&#8220; _builder_version=&#8220;4.27.6&#8243; _module_preset=&#8220;default&#8220; width=&#8220;480px&#8220; custom_padding=&#8220;3%|3%|3%|3%|true|true&#8220; custom_padding_tablet=&#8220;5%|5%|5%|5%|true|true&#8220; custom_padding_phone=&#8220;10%|10%|10%|10%|true|true&#8220; border_width_all=&#8220;1px&#8220; border_color_all=&#8220;rgba(0,0,0,0.2)&#8220; locked=&#8220;off&#8220; global_colors_info=&#8220;{}&#8220;][et_pb_column type=&#8220;4_4&#8243; _builder_version=&#8220;4.27.6&#8243; _module_preset=&#8220;default&#8220; global_colors_info=&#8220;{}&#8220;][et_pb_text _builder_version=&#8220;4.27.6&#8243; _module_preset=&#8220;default&#8220; text_font=&#8220;||||||||&#8220; text_text_color=&#8220;rgba(0,0,0,0.35)&#8220; text_font_size=&#8220;14px&#8220; text_letter_spacing=&#8220;3px&#8220; header_3_font_size=&#8220;33px&#8220; header_3_letter_spacing=&#8220;0.1px&#8220; custom_margin=&#8220;||0px||false|false&#8220; header_3_font_size_tablet=&#8220;33px&#8220; header_3_font_size_phone=&#8220;28px&#8220; header_3_font_size_last_edited=&#8220;on|phone&#8220; global_colors_info=&#8220;{}&#8220;]<\/p>\n<p>1992<\/p>\n<h3>Der Gardasee<\/h3>\n<p>[\/et_pb_text][et_pb_text _builder_version=&#8220;4.27.6&#8243; _module_preset=&#8220;default&#8220; text_font_size=&#8220;16px&#8220; text_line_height=&#8220;1.5em&#8220; global_colors_info=&#8220;{}&#8220;]<\/p>\n<p>Mit dem Projekt Eden in Gardone Riviera beginnt eine lange \u00c4ra am Gardasee: San Michele, Bogliaco, Villa Scari. Historische Villen und neue Residenzen, alle mit Blick auf das Wasser. <\/p>\n<p>[\/et_pb_text][\/et_pb_column][\/et_pb_row][et_pb_row custom_padding_last_edited=&#8220;on|phone&#8220; _builder_version=&#8220;4.27.6&#8243; _module_preset=&#8220;default&#8220; width=&#8220;480px&#8220; custom_padding=&#8220;3%|3%|3%|3%|true|true&#8220; custom_padding_tablet=&#8220;5%|5%|5%|5%|true|true&#8220; custom_padding_phone=&#8220;10%|10%|10%|10%|true|true&#8220; border_width_all=&#8220;1px&#8220; border_color_all=&#8220;rgba(0,0,0,0.2)&#8220; locked=&#8220;off&#8220; global_colors_info=&#8220;{}&#8220;][et_pb_column type=&#8220;4_4&#8243; _builder_version=&#8220;4.27.6&#8243; _module_preset=&#8220;default&#8220; global_colors_info=&#8220;{}&#8220;][et_pb_text _builder_version=&#8220;4.27.6&#8243; _module_preset=&#8220;default&#8220; text_font=&#8220;||||||||&#8220; text_text_color=&#8220;rgba(0,0,0,0.35)&#8220; text_font_size=&#8220;14px&#8220; text_letter_spacing=&#8220;3px&#8220; header_3_font_size=&#8220;33px&#8220; header_3_letter_spacing=&#8220;0.1px&#8220; custom_margin=&#8220;||0px||false|false&#8220; header_3_font_size_tablet=&#8220;33px&#8220; header_3_font_size_phone=&#8220;28px&#8220; header_3_font_size_last_edited=&#8220;on|phone&#8220; global_colors_info=&#8220;{}&#8220;]<\/p>\n<p>1993<\/p>\n<h3>Der Blick \u00fcber die Grenzen<\/h3>\n<p>[\/et_pb_text][et_pb_text _builder_version=&#8220;4.27.6&#8243; _module_preset=&#8220;default&#8220; text_font_size=&#8220;16px&#8220; text_line_height=&#8220;1.5em&#8220; global_colors_info=&#8220;{}&#8220;]<\/p>\n<p>Wenige Jahre nach dem Mauerfall ein komplexes Projekt in Berlin: B\u00fcros, Gewerbefl\u00e4chen und \u00fcber hundert Wohnungen. Es ist der Beginn eines Jahrzehnts internationaler Projekte, das die T\u00e4tigkeit in den folgenden Jahren nach Rum\u00e4nien, Bulgarien und Argentinien f\u00fchrt. <\/p>\n<p>[\/et_pb_text][\/et_pb_column][\/et_pb_row][et_pb_row custom_padding_last_edited=&#8220;on|phone&#8220; _builder_version=&#8220;4.27.6&#8243; _module_preset=&#8220;default&#8220; width=&#8220;480px&#8220; custom_padding=&#8220;3%|3%|3%|3%|true|true&#8220; custom_padding_tablet=&#8220;5%|5%|5%|5%|true|true&#8220; custom_padding_phone=&#8220;10%|10%|10%|10%|true|true&#8220; border_width_all=&#8220;1px&#8220; border_color_all=&#8220;rgba(0,0,0,0.2)&#8220; locked=&#8220;off&#8220; global_colors_info=&#8220;{}&#8220;][et_pb_column type=&#8220;4_4&#8243; _builder_version=&#8220;4.27.6&#8243; _module_preset=&#8220;default&#8220; global_colors_info=&#8220;{}&#8220;][et_pb_text _builder_version=&#8220;4.27.6&#8243; _module_preset=&#8220;default&#8220; text_font=&#8220;||||||||&#8220; text_text_color=&#8220;rgba(0,0,0,0.35)&#8220; text_font_size=&#8220;14px&#8220; text_letter_spacing=&#8220;3px&#8220; header_3_font_size=&#8220;33px&#8220; header_3_letter_spacing=&#8220;0.1px&#8220; custom_margin=&#8220;||0px||false|false&#8220; header_3_font_size_tablet=&#8220;33px&#8220; header_3_font_size_phone=&#8220;28px&#8220; header_3_font_size_last_edited=&#8220;on|phone&#8220; global_colors_info=&#8220;{}&#8220;]<\/p>\n<p>1994<\/p>\n<h3>Jesolo, die erste Baustelle<\/h3>\n<p>[\/et_pb_text][et_pb_text _builder_version=&#8220;4.27.6&#8243; _module_preset=&#8220;default&#8220; text_font_size=&#8220;16px&#8220; text_line_height=&#8220;1.5em&#8220; global_colors_info=&#8220;{}&#8220;]Die Ankunft an der venezianischen K\u00fcste schl\u00e4gt das Kapitel auf, das zentral werden sollte. Soleado, Acapulco, Ipanema, Centrale: eine Abfolge von Residenzen, die das Wohnen direkt am Meer neu definiert.[\/et_pb_text][\/et_pb_column][\/et_pb_row][et_pb_row custom_padding_last_edited=&#8220;on|phone&#8220; _builder_version=&#8220;4.27.6&#8243; _module_preset=&#8220;default&#8220; width=&#8220;480px&#8220; custom_padding=&#8220;3%|3%|3%|3%|true|true&#8220; custom_padding_tablet=&#8220;5%|5%|5%|5%|true|true&#8220; custom_padding_phone=&#8220;10%|10%|10%|10%|true|true&#8220; border_width_all=&#8220;1px&#8220; border_color_all=&#8220;rgba(0,0,0,0.2)&#8220; locked=&#8220;off&#8220; global_colors_info=&#8220;{}&#8220;][et_pb_column type=&#8220;4_4&#8243; _builder_version=&#8220;4.27.6&#8243; _module_preset=&#8220;default&#8220; global_colors_info=&#8220;{}&#8220;][et_pb_text _builder_version=&#8220;4.27.6&#8243; _module_preset=&#8220;default&#8220; text_font=&#8220;||||||||&#8220; text_text_color=&#8220;rgba(0,0,0,0.35)&#8220; text_font_size=&#8220;14px&#8220; text_letter_spacing=&#8220;3px&#8220; header_3_font_size=&#8220;33px&#8220; header_3_letter_spacing=&#8220;0.1px&#8220; custom_margin=&#8220;||0px||false|false&#8220; header_3_font_size_tablet=&#8220;33px&#8220; header_3_font_size_phone=&#8220;28px&#8220; header_3_font_size_last_edited=&#8220;on|phone&#8220; global_colors_info=&#8220;{}&#8220;]<\/p>\n<p>1999<\/p>\n<h3>Vom Einzelgeb\u00e4ude zum Masterplan<\/h3>\n<p>[\/et_pb_text][et_pb_text _builder_version=&#8220;4.27.6&#8243; _module_preset=&#8220;default&#8220; text_font_size=&#8220;16px&#8220; text_line_height=&#8220;1.5em&#8220; global_colors_info=&#8220;{}&#8220;]<\/p>\n<p>In Jesolo \u00e4ndert das Projekt seinen Ma\u00dfstab: Urbanisierung und Entwicklung des gesamten Gebiets um den Picchi-Kreisel, mit dem Handelszentrum und den angrenzenden Residenzen. Nicht mehr nur bauen, sondern ein St\u00fcck Stadt entwerfen. <\/p>\n<p>[\/et_pb_text][\/et_pb_column][\/et_pb_row][et_pb_row custom_padding_last_edited=&#8220;on|phone&#8220; _builder_version=&#8220;4.27.6&#8243; _module_preset=&#8220;default&#8220; width=&#8220;480px&#8220; custom_padding=&#8220;3%|3%|3%|3%|true|true&#8220; custom_padding_tablet=&#8220;5%|5%|5%|5%|true|true&#8220; custom_padding_phone=&#8220;10%|10%|10%|10%|true|true&#8220; border_width_all=&#8220;1px&#8220; border_color_all=&#8220;rgba(0,0,0,0.2)&#8220; locked=&#8220;off&#8220; global_colors_info=&#8220;{}&#8220;][et_pb_column type=&#8220;4_4&#8243; _builder_version=&#8220;4.27.6&#8243; _module_preset=&#8220;default&#8220; global_colors_info=&#8220;{}&#8220;][et_pb_text _builder_version=&#8220;4.27.6&#8243; _module_preset=&#8220;default&#8220; text_font=&#8220;||||||||&#8220; text_text_color=&#8220;rgba(0,0,0,0.35)&#8220; text_font_size=&#8220;14px&#8220; text_letter_spacing=&#8220;3px&#8220; header_3_font_size=&#8220;33px&#8220; header_3_letter_spacing=&#8220;0.1px&#8220; custom_margin=&#8220;||0px||false|false&#8220; header_3_font_size_tablet=&#8220;33px&#8220; header_3_font_size_phone=&#8220;28px&#8220; header_3_font_size_last_edited=&#8220;on|phone&#8220; global_colors_info=&#8220;{}&#8220;]<\/p>\n<p>2000<\/p>\n<h3>Ligurien<\/h3>\n<p>[\/et_pb_text][et_pb_text _builder_version=&#8220;4.27.6&#8243; _module_preset=&#8220;default&#8220; text_font_size=&#8220;16px&#8220; text_line_height=&#8220;1.5em&#8220; global_colors_info=&#8220;{}&#8220;]<\/p>\n<p>Sori, Finale Ligure, Camogli. Historische Villen und neue Residenzen, umgewandelt in Wohnungen am Meer, inmitten jahrhundertealter Parks und mit Blick auf den Golf. <\/p>\n<p>[\/et_pb_text][\/et_pb_column][\/et_pb_row][et_pb_row custom_padding_last_edited=&#8220;on|phone&#8220; _builder_version=&#8220;4.27.6&#8243; _module_preset=&#8220;default&#8220; width=&#8220;480px&#8220; custom_padding=&#8220;3%|3%|3%|3%|true|true&#8220; custom_padding_tablet=&#8220;5%|5%|5%|5%|true|true&#8220; custom_padding_phone=&#8220;10%|10%|10%|10%|true|true&#8220; border_width_all=&#8220;1px&#8220; border_color_all=&#8220;rgba(0,0,0,0.2)&#8220; locked=&#8220;off&#8220; global_colors_info=&#8220;{}&#8220;][et_pb_column type=&#8220;4_4&#8243; _builder_version=&#8220;4.27.6&#8243; _module_preset=&#8220;default&#8220; global_colors_info=&#8220;{}&#8220;][et_pb_text _builder_version=&#8220;4.27.6&#8243; _module_preset=&#8220;default&#8220; text_font=&#8220;||||||||&#8220; text_text_color=&#8220;rgba(0,0,0,0.35)&#8220; text_font_size=&#8220;14px&#8220; text_letter_spacing=&#8220;3px&#8220; header_3_font_size=&#8220;33px&#8220; header_3_letter_spacing=&#8220;0.1px&#8220; custom_margin=&#8220;||0px||false|false&#8220; header_3_font_size_tablet=&#8220;33px&#8220; header_3_font_size_phone=&#8220;28px&#8220; header_3_font_size_last_edited=&#8220;on|phone&#8220; global_colors_info=&#8220;{}&#8220;]<\/p>\n<p>2003<\/p>\n<h3>Das Golf Village<\/h3>\n<p>[\/et_pb_text][et_pb_text _builder_version=&#8220;4.27.6&#8243; _module_preset=&#8220;default&#8220; text_font_size=&#8220;16px&#8220; text_line_height=&#8220;1.5em&#8220; global_colors_info=&#8220;{}&#8220;]<\/p>\n<p>In Jesolo entsteht das Projekt, das Wohnen und Sport vereint: der Golf Club und das Golf Village. Ein anderes Wohnmodell, mitten im Gr\u00fcnen und nur wenige Minuten vom Strand entfernt. <\/p>\n<p>[\/et_pb_text][\/et_pb_column][\/et_pb_row][et_pb_row custom_padding_last_edited=&#8220;on|phone&#8220; _builder_version=&#8220;4.27.6&#8243; _module_preset=&#8220;default&#8220; width=&#8220;480px&#8220; custom_padding=&#8220;3%|3%|3%|3%|true|true&#8220; custom_padding_tablet=&#8220;5%|5%|5%|5%|true|true&#8220; custom_padding_phone=&#8220;10%|10%|10%|10%|true|true&#8220; border_width_all=&#8220;1px&#8220; border_color_all=&#8220;rgba(0,0,0,0.2)&#8220; locked=&#8220;off&#8220; global_colors_info=&#8220;{}&#8220;][et_pb_column type=&#8220;4_4&#8243; _builder_version=&#8220;4.27.6&#8243; _module_preset=&#8220;default&#8220; global_colors_info=&#8220;{}&#8220;][et_pb_text _builder_version=&#8220;4.27.6&#8243; _module_preset=&#8220;default&#8220; text_font=&#8220;||||||||&#8220; text_text_color=&#8220;rgba(0,0,0,0.35)&#8220; text_font_size=&#8220;14px&#8220; text_letter_spacing=&#8220;3px&#8220; header_3_font_size=&#8220;33px&#8220; header_3_letter_spacing=&#8220;0.1px&#8220; custom_margin=&#8220;||0px||false|false&#8220; header_3_font_size_tablet=&#8220;33px&#8220; header_3_font_size_phone=&#8220;28px&#8220; header_3_font_size_last_edited=&#8220;on|phone&#8220; global_colors_info=&#8220;{}&#8220;]<\/p>\n<p>2007<\/p>\n<h3>JLDD entsteht<\/h3>\n<p>[\/et_pb_text][et_pb_text _builder_version=&#8220;4.27.6&#8243; _module_preset=&#8220;default&#8220; text_font_size=&#8220;16px&#8220; text_line_height=&#8220;1.5em&#8220; global_colors_info=&#8220;{}&#8220;]<\/p>\n<p>Mit The Pool Houses nimmt das Projekt Jesolo Lido Design District Gestalt an. Eine neue Idee der K\u00fcste, bei der jedes Geb\u00e4ude zu einem koh\u00e4renten und erkennbaren Stadtbild beitr\u00e4gt. <\/p>\n<p>[\/et_pb_text][\/et_pb_column][\/et_pb_row][et_pb_row custom_padding_last_edited=&#8220;on|phone&#8220; _builder_version=&#8220;4.27.6&#8243; _module_preset=&#8220;default&#8220; width=&#8220;480px&#8220; custom_padding=&#8220;3%|3%|3%|3%|true|true&#8220; custom_padding_tablet=&#8220;5%|5%|5%|5%|true|true&#8220; custom_padding_phone=&#8220;10%|10%|10%|10%|true|true&#8220; border_width_all=&#8220;1px&#8220; border_color_all=&#8220;rgba(0,0,0,0.2)&#8220; locked=&#8220;off&#8220; global_colors_info=&#8220;{}&#8220;][et_pb_column type=&#8220;4_4&#8243; _builder_version=&#8220;4.27.6&#8243; _module_preset=&#8220;default&#8220; global_colors_info=&#8220;{}&#8220;][et_pb_text _builder_version=&#8220;4.27.6&#8243; _module_preset=&#8220;default&#8220; text_font=&#8220;||||||||&#8220; text_text_color=&#8220;rgba(0,0,0,0.35)&#8220; text_font_size=&#8220;14px&#8220; text_letter_spacing=&#8220;3px&#8220; header_3_font_size=&#8220;33px&#8220; header_3_letter_spacing=&#8220;0.1px&#8220; custom_margin=&#8220;||0px||false|false&#8220; header_3_font_size_tablet=&#8220;33px&#8220; header_3_font_size_phone=&#8220;28px&#8220; header_3_font_size_last_edited=&#8220;on|phone&#8220; global_colors_info=&#8220;{}&#8220;]<\/p>\n<p>2009<\/p>\n<h3>Mailand und Europa<\/h3>\n<p>[\/et_pb_text][et_pb_text _builder_version=&#8220;4.27.6&#8243; _module_preset=&#8220;default&#8220; text_font_size=&#8220;16px&#8220; text_line_height=&#8220;1.5em&#8220; global_colors_info=&#8220;{}&#8220;]<\/p>\n<p>Die Jahre der Diversifizierung: die Mail\u00e4nder Residenzen Giannino und V33, das Hotel Le Passy in Juan-les-Pins, das Zhero in Palma de Mallorca, die Wohninvestition in Emmendingen.<\/p>\n<p>[\/et_pb_text][\/et_pb_column][\/et_pb_row][et_pb_row custom_padding_last_edited=&#8220;on|phone&#8220; _builder_version=&#8220;4.27.6&#8243; _module_preset=&#8220;default&#8220; width=&#8220;480px&#8220; custom_padding=&#8220;3%|3%|3%|3%|true|true&#8220; custom_padding_tablet=&#8220;5%|5%|5%|5%|true|true&#8220; custom_padding_phone=&#8220;10%|10%|10%|10%|true|true&#8220; border_width_all=&#8220;1px&#8220; border_color_all=&#8220;rgba(0,0,0,0.2)&#8220; locked=&#8220;off&#8220; global_colors_info=&#8220;{}&#8220;][et_pb_column type=&#8220;4_4&#8243; _builder_version=&#8220;4.27.6&#8243; _module_preset=&#8220;default&#8220; global_colors_info=&#8220;{}&#8220;][et_pb_text _builder_version=&#8220;4.27.6&#8243; _module_preset=&#8220;default&#8220; text_font=&#8220;||||||||&#8220; text_text_color=&#8220;rgba(0,0,0,0.35)&#8220; text_font_size=&#8220;14px&#8220; text_letter_spacing=&#8220;3px&#8220; header_3_font_size=&#8220;33px&#8220; header_3_letter_spacing=&#8220;0.1px&#8220; custom_margin=&#8220;||0px||false|false&#8220; header_3_font_size_tablet=&#8220;33px&#8220; header_3_font_size_phone=&#8220;28px&#8220; header_3_font_size_last_edited=&#8220;on|phone&#8220; global_colors_info=&#8220;{}&#8220;]<\/p>\n<p>2017<\/p>\n<h3>Die neue Generation<\/h3>\n<p>[\/et_pb_text][et_pb_text _builder_version=&#8220;4.27.6&#8243; _module_preset=&#8220;default&#8220; text_font_size=&#8220;16px&#8220; text_line_height=&#8220;1.5em&#8220; global_colors_info=&#8220;{}&#8220;]<\/p>\n<p>The Summer Houses und The Beach Residences, dann Palms und Palms Editions, Six Lofts, The Palm Building. Eine Abfolge von Projekten, in denen die architektonische Sprache immer definierter und erkennbarer wird. <\/p>\n<p>[\/et_pb_text][\/et_pb_column][\/et_pb_row][et_pb_row custom_padding_last_edited=&#8220;on|phone&#8220; _builder_version=&#8220;4.27.6&#8243; _module_preset=&#8220;default&#8220; width=&#8220;480px&#8220; custom_padding=&#8220;3%|3%|3%|3%|true|true&#8220; custom_padding_tablet=&#8220;5%|5%|5%|5%|true|true&#8220; custom_padding_phone=&#8220;10%|10%|10%|10%|true|true&#8220; border_width_all=&#8220;1px&#8220; border_color_all=&#8220;rgba(0,0,0,0.2)&#8220; locked=&#8220;off&#8220; global_colors_info=&#8220;{}&#8220;][et_pb_column type=&#8220;4_4&#8243; _builder_version=&#8220;4.27.6&#8243; _module_preset=&#8220;default&#8220; global_colors_info=&#8220;{}&#8220;][et_pb_text _builder_version=&#8220;4.27.6&#8243; _module_preset=&#8220;default&#8220; text_font=&#8220;||||||||&#8220; text_text_color=&#8220;rgba(0,0,0,0.35)&#8220; text_font_size=&#8220;14px&#8220; text_letter_spacing=&#8220;3px&#8220; header_3_font_size=&#8220;33px&#8220; header_3_letter_spacing=&#8220;0.1px&#8220; custom_margin=&#8220;||0px||false|false&#8220; header_3_font_size_tablet=&#8220;33px&#8220; header_3_font_size_phone=&#8220;28px&#8220; header_3_font_size_last_edited=&#8220;on|phone&#8220; global_colors_info=&#8220;{}&#8220;]<\/p>\n<p>2027<\/p>\n<h3>Das kommende Kapitel<\/h3>\n<p>[\/et_pb_text][et_pb_text _builder_version=&#8220;4.27.6&#8243; _module_preset=&#8220;default&#8220; text_font_size=&#8220;16px&#8220; text_line_height=&#8220;1.5em&#8220; global_colors_info=&#8220;{}&#8220;]<\/p>\n<p>Die Richard Meier Tower und The Sky Villas vervollst\u00e4ndigen das Design des JLDD. Zwei Signatur-Projekte, die die Skyline der K\u00fcste neu definieren und ihre ehrgeizigste Transformation markieren. <\/p>\n<p>[\/et_pb_text][\/et_pb_column][\/et_pb_row][\/et_pb_section][et_pb_section fb_built=&#8220;1&#8243; custom_padding_last_edited=&#8220;on|tablet&#8220; _builder_version=&#8220;4.27.6&#8243; _module_preset=&#8220;default&#8220; custom_padding=&#8220;||||false|false&#8220; custom_padding_tablet=&#8220;||0px||false|false&#8220; custom_padding_phone=&#8220;||0px||false|false&#8220; locked=&#8220;off&#8220; global_colors_info=&#8220;{}&#8220;][et_pb_row column_structure=&#8220;3_5,2_5&#8243; use_custom_gutter=&#8220;on&#8220; gutter_width=&#8220;1&#8243; make_equal=&#8220;on&#8220; module_class=&#8220;flexible-column-end reverse-columns&#8220; _builder_version=&#8220;4.27.6&#8243; _module_preset=&#8220;default&#8220; width=&#8220;100%&#8220; max_width=&#8220;100%&#8220; custom_padding=&#8220;0px||0px||false|false&#8220; hover_enabled=&#8220;0&#8243; global_colors_info=&#8220;{}&#8220; sticky_enabled=&#8220;0&#8243;][et_pb_column type=&#8220;3_5&#8243; module_class=&#8220;f&#8220; _builder_version=&#8220;4.27.6&#8243; _module_preset=&#8220;default&#8220; custom_padding=&#8220;5%|5%|5%|5%|true|true&#8220; custom_padding_tablet=&#8220;8%|5%|8%|5%|true|true&#8220; custom_padding_phone=&#8220;15%|7.5%|15%|7.5%|true|true&#8220; custom_padding_last_edited=&#8220;on|phone&#8220; global_colors_info=&#8220;{}&#8220;][et_pb_text _builder_version=&#8220;4.27.6&#8243; _module_preset=&#8220;default&#8220; custom_margin=&#8220;||20px||false|false&#8220; global_colors_info=&#8220;{}&#8220;]<\/p>\n<p>RIV schafft nicht einfach nur Geb\u00e4ude: Das Unternehmen entwickelt Areale, die zu neuen pulsierenden Zentren der Region werden. Von den ersten Machbarkeitsstudien bis zur endg\u00fcltigen \u00dcbergabe verwandelt es architektonische Ideen in Projekte, die in der Lage sind, den st\u00e4dtischen Schwerpunkt zu verschieben und die Struktur, Zentralit\u00e4t sowie den Wert ganzer Stadtviertel neu zu definieren. <\/p>\n<p>[\/et_pb_text][et_pb_button button_url=&#8220;@ET-DC@eyJkeW5hbWljIjp0cnVlLCJjb250ZW50IjoicG9zdF9saW5rX3VybF9wYWdlIiwic2V0dGluZ3MiOnsicG9zdF9pZCI6IjIwIn19@&#8220; button_text=&#8220;Projekte&#8220; _builder_version=&#8220;4.27.6&#8243; _dynamic_attributes=&#8220;button_url&#8220; _module_preset=&#8220;default&#8220; custom_padding=&#8220;0px|0px|0px|0px|false|true&#8220; locked=&#8220;off&#8220; global_colors_info=&#8220;{}&#8220;][\/et_pb_button][\/et_pb_column][et_pb_column type=&#8220;2_5&#8243; _builder_version=&#8220;4.27.6&#8243; _module_preset=&#8220;default&#8220; background_image=&#8220;https:\/\/www.rivgroup.it\/wp-content\/uploads\/2026\/04\/RIV_richard-meier-tower-jesolo.jpg&#8220; hover_enabled=&#8220;0&#8243; global_colors_info=&#8220;{}&#8220; title_text=&#8220;RIV_richard-meier-tower-jesolo&#8220; sticky_enabled=&#8220;0&#8243;][et_pb_text _builder_version=&#8220;4.27.6&#8243; _module_preset=&#8220;default&#8220; min_height=&#8220;700px&#8220; min_height_tablet=&#8220;700px&#8220; min_height_phone=&#8220;450px&#8220; min_height_last_edited=&#8220;on|phone&#8220; global_colors_info=&#8220;{}&#8220;][\/et_pb_text][\/et_pb_column][\/et_pb_row][\/et_pb_section][et_pb_section fb_built=&#8220;1&#8243; custom_padding_last_edited=&#8220;on|tablet&#8220; _builder_version=&#8220;4.27.6&#8243; _module_preset=&#8220;default&#8220; custom_padding=&#8220;||0px||false|false&#8220; custom_padding_tablet=&#8220;||0px||false|false&#8220; custom_padding_phone=&#8220;||0px||false|false&#8220; locked=&#8220;off&#8220; global_colors_info=&#8220;{}&#8220;][et_pb_row column_structure=&#8220;1_2,1_2&#8243; use_custom_gutter=&#8220;on&#8220; gutter_width=&#8220;1&#8243; make_equal=&#8220;on&#8220; module_class=&#8220;flexible-column-end&#8220; _builder_version=&#8220;4.27.6&#8243; _module_preset=&#8220;default&#8220; width=&#8220;100%&#8220; max_width=&#8220;100%&#8220; custom_padding=&#8220;0px||0px||false|false&#8220; hover_enabled=&#8220;0&#8243; global_colors_info=&#8220;{}&#8220; sticky_enabled=&#8220;0&#8243;][et_pb_column type=&#8220;1_2&#8243; _builder_version=&#8220;4.27.6&#8243; _module_preset=&#8220;default&#8220; background_image=&#8220;https:\/\/www.rivgroup.it\/wp-content\/uploads\/2026\/08\/RIV_RFH_studio_27-scaled.jpg&#8220; hover_enabled=&#8220;0&#8243; global_colors_info=&#8220;{}&#8220; title_text=&#8220;RIV_RFH_studio_27&#8243; background_position=&#8220;center_left&#8220; sticky_enabled=&#8220;0&#8243; background_horizontal_offset=&#8220;25%&#8220;][et_pb_text _builder_version=&#8220;4.27.6&#8243; _module_preset=&#8220;default&#8220; min_height=&#8220;700px&#8220; min_height_tablet=&#8220;600px&#8220; min_height_phone=&#8220;400px&#8220; min_height_last_edited=&#8220;on|phone&#8220; hover_enabled=&#8220;0&#8243; global_colors_info=&#8220;{}&#8220; sticky_enabled=&#8220;0&#8243;][\/et_pb_text][\/et_pb_column][et_pb_column type=&#8220;1_2&#8243; module_class=&#8220;f&#8220; _builder_version=&#8220;4.27.6&#8243; _module_preset=&#8220;default&#8220; custom_padding=&#8220;5%|5%|5%|5%|true|true&#8220; custom_padding_tablet=&#8220;8%|5%|8%|5%|true|true&#8220; custom_padding_phone=&#8220;15%|7.5%|15%|7.5%|true|true&#8220; custom_padding_last_edited=&#8220;on|phone&#8220; hover_enabled=&#8220;0&#8243; global_colors_info=&#8220;{}&#8220; sticky_enabled=&#8220;0&#8243;][et_pb_text _builder_version=&#8220;4.27.6&#8243; _module_preset=&#8220;default&#8220; custom_margin=&#8220;||||false|false&#8220; global_colors_info=&#8220;{}&#8220;]<\/p>\n<p>Werken Form zu geben, die das Konzept des Lifestyles heben, erfordert Vision, Kompetenz und Strenge. Aus diesem Grund vertraut RIV auf ein ausgew\u00e4hltes Team von hochbegabten Fachleuten der Immobilienbranche, deren einziges Ziel Exzellenz ist. <\/p>\n<p>[\/et_pb_text][\/et_pb_column][\/et_pb_row][\/et_pb_section]<\/p>\n","protected":false},"excerpt":{"rendered":"<p>Real Estate Developer. Wir geben dem Wohnen Form. Wir entwickeln die Vision des Wohnens weiter, indem wir Projekte von internationalem Format realisieren, die neue Lifestyle-Ma\u00dfst\u00e4be setzen und die Handschrift gro\u00dfer Architekturb\u00fcros mit einem l\u00fcckenlosen und tadellosen Management verbinden.Hervorgegangen aus der fundierten Erfahrung von Peter Reichegger, einem preisgekr\u00f6nten Immobilienentwickler, der dem Unternehmen eine globale Ausrichtung verliehen [&hellip;]<\/p>\n","protected":false},"author":2,"featured_media":0,"parent":0,"menu_order":0,"comment_status":"closed","ping_status":"closed","template":"","meta":{"_et_pb_use_builder":"on","_et_pb_old_content":"","_et_gb_content_width":"","footnotes":""},"class_list":["post-2407","page","type-page","status-publish","hentry"],"_links":{"self":[{"href":"https:\/\/www.rivgroup.it\/de\/wp-json\/wp\/v2\/pages\/2407","targetHints":{"allow":["GET"]}}],"collection":[{"href":"https:\/\/www.rivgroup.it\/de\/wp-json\/wp\/v2\/pages"}],"about":[{"href":"https:\/\/www.rivgroup.it\/de\/wp-json\/wp\/v2\/types\/page"}],"author":[{"embeddable":true,"href":"https:\/\/www.rivgroup.it\/de\/wp-json\/wp\/v2\/users\/2"}],"replies":[{"embeddable":true,"href":"https:\/\/www.rivgroup.it\/de\/wp-json\/wp\/v2\/comments?post=2407"}],"version-history":[{"count":4,"href":"https:\/\/www.rivgroup.it\/de\/wp-json\/wp\/v2\/pages\/2407\/revisions"}],"predecessor-version":[{"id":2698,"href":"https:\/\/www.rivgroup.it\/de\/wp-json\/wp\/v2\/pages\/2407\/revisions\/2698"}],"wp:attachment":[{"href":"https:\/\/www.rivgroup.it\/de\/wp-json\/wp\/v2\/media?parent=2407"}],"curies":[{"name":"wp","href":"https:\/\/api.w.org\/{rel}","templated":true}]}}